{"id":26436,"date":"2020-07-29T08:21:10","date_gmt":"2020-07-29T06:21:10","guid":{"rendered":"https:\/\/www.mykoplan.ch\/?page_id=26436"},"modified":"2024-08-07T08:46:00","modified_gmt":"2024-08-07T06:46:00","slug":"conditions-pour-les-professionnels","status":"publish","type":"page","link":"https:\/\/myko.webdesign-projekte.ch\/fr\/conditions-pour-les-professionnels\/","title":{"rendered":"Les professionnels et les magasins sp\u00e9cialis\u00e9s b\u00e9n\u00e9ficient de conditions d\u2019achat sp\u00e9ciales"},"content":{"rendered":"\n<p>En tant que professionnel ou magasin sp\u00e9cialis\u00e9, vous b\u00e9n\u00e9ficiez de conditions d\u2019achat sp\u00e9ciales chez Mykoplan\u00ae.<\/p>\n\n\n\n<p><strong>Pour pouvoir vous enregistrer en tant que professionnel ou magasin sp\u00e9cialis\u00e9, vous devez remplir les conditions requises :<\/strong><\/p>\n\n\n\n<ul class=\"wp-block-list\">\n<li>En tant que professionnel, vous avez un dipl\u00f4me dans le domaine de la sant\u00e9 et vous travaillez dans un cabinet m\u00e9dical ou vous avez un site Web. Les personnes ext\u00e9rieures peuvent voir que vous \u00eates un professionnel.<\/li>\n\n\n\n<li>En tant que professionnel, vous avez une adresse professionnelle et\/ou un site Web. Les personnes ext\u00e9rieures peuvent voir qu\u2019il s\u2019agit d\u2019un magasin sp\u00e9cialis\u00e9.<\/li>\n<\/ul>\n\n\n\n<p><strong><a href=\"https:\/\/www.mykoplan.ch\/fr\/contact\/\" data-type=\"page\" data-id=\"26406\" rel=\"noopener\">Inscrivez-vous sur Mykoplan\u00ae<\/a> en tant que professionnel ou magasin sp\u00e9cialis\u00e9 avec vos donn\u00e9es personnelles ou votre adresse professionnelle.<\/strong><\/p>\n\n\n\n<p>Nous nous ferons un plaisir d\u2019activer votre compte, apr\u00e8s v\u00e9rification de vos donn\u00e9es, et de vous faire b\u00e9n\u00e9ficier des conditions d\u2019achat sp\u00e9ciales.<\/p>\n","protected":false},"excerpt":{"rendered":"<p>En tant que professionnel ou magasin sp\u00e9cialis\u00e9, vous b\u00e9n\u00e9ficiez de conditions d\u2019achat sp\u00e9ciales chez Mykoplan\u00ae. Pour pouvoir vous enregistrer en tant que professionnel ou magasin sp\u00e9cialis\u00e9, vous devez remplir les conditions requises : Inscrivez-vous sur Mykoplan\u00ae en tant que professionnel ou magasin sp\u00e9cialis\u00e9 avec vos donn\u00e9es personnelles ou votre adresse professionnelle. Nous nous ferons un &#8230; <a title=\"Les professionnels et les magasins sp\u00e9cialis\u00e9s b\u00e9n\u00e9ficient de conditions d\u2019achat sp\u00e9ciales\" class=\"read-more\" href=\"https:\/\/myko.webdesign-projekte.ch\/fr\/conditions-pour-les-professionnels\/\" aria-label=\"En savoir plus sur Les professionnels et les magasins sp\u00e9cialis\u00e9s b\u00e9n\u00e9ficient de conditions d\u2019achat sp\u00e9ciales\">Lire la suite<\/a><\/p>\n","protected":false},"author":240,"featured_media":0,"parent":0,"menu_order":0,"comment_status":"closed","ping_status":"closed","template":"","meta":{"_coblocks_attr":"","_coblocks_dimensions":"","_coblocks_responsive_height":"","_coblocks_accordion_ie_support":"","footnotes":""},"class_list":["post-26436","page","type-page","status-publish"],"_links":{"self":[{"href":"https:\/\/myko.webdesign-projekte.ch\/fr\/wp-json\/wp\/v2\/pages\/26436","targetHints":{"allow":["GET"]}}],"collection":[{"href":"https:\/\/myko.webdesign-projekte.ch\/fr\/wp-json\/wp\/v2\/pages"}],"about":[{"href":"https:\/\/myko.webdesign-projekte.ch\/fr\/wp-json\/wp\/v2\/types\/page"}],"author":[{"embeddable":true,"href":"https:\/\/myko.webdesign-projekte.ch\/fr\/wp-json\/wp\/v2\/users\/240"}],"replies":[{"embeddable":true,"href":"https:\/\/myko.webdesign-projekte.ch\/fr\/wp-json\/wp\/v2\/comments?post=26436"}],"version-history":[{"count":2,"href":"https:\/\/myko.webdesign-projekte.ch\/fr\/wp-json\/wp\/v2\/pages\/26436\/revisions"}],"predecessor-version":[{"id":27234,"href":"https:\/\/myko.webdesign-projekte.ch\/fr\/wp-json\/wp\/v2\/pages\/26436\/revisions\/27234"}],"wp:attachment":[{"href":"https:\/\/myko.webdesign-projekte.ch\/fr\/wp-json\/wp\/v2\/media?parent=26436"}],"curies":[{"name":"wp","href":"https:\/\/api.w.org\/{rel}","templated":true}]}}